{"id":4878,"date":"2018-11-07T12:41:57","date_gmt":"2018-11-07T10:41:57","guid":{"rendered":"https:\/\/www.mittelschule-parsberg.de\/ms\/?page_id=3350"},"modified":"2018-11-07T12:41:57","modified_gmt":"2018-11-07T10:41:57","slug":"unterricht","status":"publish","type":"page","link":"https:\/\/mittelschule-parsberg.de\/ms\/?page_id=4878","title":{"rendered":"Unterricht"},"content":{"rendered":"<p>Um dem Lernverhalten unserer Sch\u00fcler individuell begegnen zu k\u00f6nnen, aber auch um den Lebens- und Arbeitsumst\u00e4nden unserer Elternschaft gerecht zu werden, bieten wir an der Mittelschule Parsberg verschiedene Arten der Beschulung an. Im Folgenden werden diese erl\u00e4utert:<\/p>\n<table style=\"width: 129.439{8724dadc619e06e8beebc3292dfbda7ae64e2bcebc2d283199202d3e5e32ea46}; border-collapse: collapse;\" border=\"1\">\n<tbody>\n<tr style=\"background-color: #e8e8e8;\">\n<td style=\"width: 46.45714537328547{8724dadc619e06e8beebc3292dfbda7ae64e2bcebc2d283199202d3e5e32ea46}; height: 58px;\" colspan=\"2\">\n<h4><strong>Unsere Ganztagsmodelle:<\/strong><\/h4>\n<\/td>\n<\/tr>\n<tr style=\"background-color: #e8e8e8;\">\n<td style=\"width: 46.45714537328547{8724dadc619e06e8beebc3292dfbda7ae64e2bcebc2d283199202d3e5e32ea46}; height: 30px; background-color: #dcf7d5;\"><strong>Gebundener Ganztag<\/strong><\/td>\n<td style=\"width: 78.39991580453042{8724dadc619e06e8beebc3292dfbda7ae64e2bcebc2d283199202d3e5e32ea46}; height: 30px; background-color: #dcf7d5;\"><strong>Offener Ganztag<\/strong><\/td>\n<\/tr>\n<tr style=\"height: 130px;\">\n<td style=\"width: 46.45714537328547{8724dadc619e06e8beebc3292dfbda7ae64e2bcebc2d283199202d3e5e32ea46}; height: 130px; background-color: #dcf7d5;\">Der Unterrichtstag:<\/p>\n<p>Mo \u2013 Do: 8:10 \u2013 16:15<br \/>\nFreitag: 8:10 \u2013 13:10<\/td>\n<td style=\"width: 78.39991580453042{8724dadc619e06e8beebc3292dfbda7ae64e2bcebc2d283199202d3e5e32ea46}; height: 130px; background-color: #dcf7d5;\">Der Unterrichtstag:<\/p>\n<p>Mo \u2013 Fr: \u00a0 8:10 \u2013 13:10 regul\u00e4rer Unterricht<br \/>\nMo \u2013 Fr: 13:10 \u2013 16:30 Nachmittagsbetreuung<\/td>\n<\/tr>\n<tr style=\"height: 350px;\">\n<td style=\"width: 46.4571{8724dadc619e06e8beebc3292dfbda7ae64e2bcebc2d283199202d3e5e32ea46}; height: 280px; background-color: #dcf7d5;\">\n<ul>\n<li>Die Ganztagsschule ist sowohl Lernort als auch Lebensraum.<\/li>\n<li>Rhythmisierter Unterricht, d.h. Pflichtunterricht ist auf Vor \u2013 und Nachmittag verteilt<\/li>\n<li>Gemeinsames Mittagessen mit dem Lehrer in der Mensa des Gymnasiums<\/li>\n<li>Zus\u00e4tzliche Differenzierungsm\u00f6glichkeiten in den Kernf\u00e4chern<\/li>\n<li>Zus\u00e4tzliche \u00dcbungs &#8211; und Vertiefungseinheiten (ersetzen die Hausaufgaben), d.h. mehr schulische Lernzeit und individuelle F\u00f6rderung durch den Lehrer<\/li>\n<li>In Zusammenarbeit mit &#8222;Externen Partnern&#8220;: Anregungen zur sinnvollen Freizeitgestaltung durch au\u00dferschulische Angebote (z.B. Abenteuersport, Jonglieren, Bogenschie\u00dfen, \u00a0Selbstsicherheitstraining, Trommeln, Volleyball, Schwimmen, Filzen usw.) &#8211; dies findet an einem Nachmittag in der Woche statt sofern sich Partner finden<\/li>\n<li>Mehr Zeit f\u00fcr Soziales Lernen<\/li>\n<\/ul>\n<\/td>\n<td style=\"width: 78.3999{8724dadc619e06e8beebc3292dfbda7ae64e2bcebc2d283199202d3e5e32ea46}; height: 350px; background-color: #dcf7d5;\">\n<ul>\n<li>Die offene Ganztagsschule ist ein freiwilliges und flexibles schulisches Angebot, das eine verl\u00e4ssliche, qualifizierte und auf den Bedarf Ihres Kindes ausgerichtete F\u00f6rderung und Betreuung im Anschluss an den Vormittags-Unterricht gew\u00e4hrleistet.\u00a0Die offene Ganztagsschule basiert auf drei S\u00e4ulen, die auch t\u00e4glich und in fester Struktur durchgef\u00fchrt werden:<\/li>\n<li>Gemeinsames Mittagessen<\/li>\n<li>Hausaufgabenbetreuung<\/li>\n<li>wechselnde Freizeitangebote, sportliche und gestalter-ische Aktivit\u00e4ten<\/li>\n<li>Eine Mindestanmeldung von 2 Nachmittagen verpflichtend \u00fcber das ganze Schuljahr hinweg ist Voraussetzung f\u00fcr die offene Ganztagsschule.<\/li>\n<li>In den Ferien findet keine Betreuung statt.<\/li>\n<li>Betreut werden die Sch\u00fclerinnen und Sch\u00fcler von der 5. bis zur 8. Klasse von Frau Meyer und Frau Agg\u00fcl.<\/li>\n<\/ul>\n<\/td>\n<\/tr>\n<tr>\n<td style=\"width: 124.8570611778159{8724dadc619e06e8beebc3292dfbda7ae64e2bcebc2d283199202d3e5e32ea46}; height: 180px; background-color: #dcf7d5;\" colspan=\"2\">\n<p style=\"text-align: center;\"><b>Kosten f\u00fcr die Eltern<\/b><\/p>\n<p>Neben den \u00fcblichen Ausgaben f\u00fcr den Schulbesuch (Kopiergeld, Arbeitshefte usw.) entstehen nur Kosten f\u00fcr das Mittagessen* (beinhaltet Hauptgericht, Nachspeise und ein Getr\u00e4nk).<\/p>\n<p>*Den aktuellen Preis pro Essen k\u00f6nnen Sie im Sekretariat oder den Ganztageslehrkr\u00e4ften erfragen.<\/td>\n<\/tr>\n<\/tbody>\n<\/table>\n<table style=\"height: 90px; width: 130.30303030303028{8724dadc619e06e8beebc3292dfbda7ae64e2bcebc2d283199202d3e5e32ea46}; border-collapse: collapse; border-style: hidden;\" border=\"1\">\n<tbody>\n<tr style=\"border-color: #bfbfbf; border-style: groove;\">\n<td style=\"width: 100{8724dadc619e06e8beebc3292dfbda7ae64e2bcebc2d283199202d3e5e32ea46}; height: 30px; text-align: center; padding-left: 60px;\"><\/td>\n<\/tr>\n<tr style=\"height: 29px;\">\n<td style=\"width: 100{8724dadc619e06e8beebc3292dfbda7ae64e2bcebc2d283199202d3e5e32ea46}; height: 29px;\"><\/td>\n<\/tr>\n<\/tbody>\n<\/table>\n<table style=\"border-collapse: collapse; width: 129.439{8724dadc619e06e8beebc3292dfbda7ae64e2bcebc2d283199202d3e5e32ea46}; height: 40px;\" border=\"1\">\n<tbody>\n<tr style=\"height: 36px; background-color: #e8e8e8;\">\n<td style=\"width: 100{8724dadc619e06e8beebc3292dfbda7ae64e2bcebc2d283199202d3e5e32ea46}; height: 10px;\">\n<h4><strong>M-Klassen:<\/strong><\/h4>\n<\/td>\n<\/tr>\n<tr style=\"height: 30px;\">\n<td style=\"width: 100{8724dadc619e06e8beebc3292dfbda7ae64e2bcebc2d283199202d3e5e32ea46}; height: 30px; background-color: #dcf7d5;\">Hier k\u00f6nnen Sch\u00fcler den mittleren Bildungsabschluss erwerben, ohne die Mittelschule verlassen zu m\u00fcssen.\u00a0Der M-Zug ist im Schulverbund Ost im Rotationsprinzip organisiert. Erfragen Sie an der Sprengelschule, wo zurzeit welche Jahrgangsstufe angeboten wird.<\/p>\n<p><strong>Welche Anforderungen stellt der M-Zug?<\/strong><\/p>\n<ol>\n<li>Zielgerichtete Arbeitshaltung<\/li>\n<li>H\u00f6herer Grad an Selbstst\u00e4ndigkeit<\/li>\n<li>H\u00f6heres Arbeitstempo<\/li>\n<li>H\u00f6herer Grad der Beherrschung<\/li>\n<li>H\u00f6here Komplexit\u00e4t der Aufgabenstellung<\/li>\n<\/ol>\n<p><strong>Welche Vorteile bietet der M-Zug?<\/strong><\/p>\n<ul>\n<li>kein Wechsel der Schulart<\/li>\n<li>k\u00fcrzere Schulwege<\/li>\n<li>vertraute Unterrichtsmethoden<\/li>\n<li>Klassenlehrerprinzip<\/li>\n<li>verst\u00e4rkte Praxis- und Berufsorientierung<\/li>\n<li>im Falle des \u201eScheiterns\u201c problemlose R\u00fcckkehr in eine Regelklasse der Mittelschule m\u00f6glich<\/li>\n<\/ul>\n<p><strong>Vorraussetzungen f\u00fcr den M-Zug:<\/strong><\/p>\n<ul>\n<li>Aufnahme in die <strong>M7<\/strong>: Durchschnitt 2,66 in Deutsch, Mathe, Englisch.<\/li>\n<li>Aufnahme in die <strong>M8<\/strong>: Durchschnitt 2,33 in Deutsch, Mathe, Englisch.<\/li>\n<li>Aufnahme in die <strong>M9<\/strong>: Durchschnitt 2,33 in Deutsch, Mathe, Englisch.<\/li>\n<li>Diese Durchschnitte m\u00fcssen im Zwischen- oder Jahreszeugnis erreicht werden.<\/li>\n<li>Alle Sch\u00fcler, die die oben genannten Schnitte nicht erreicht haben k\u00f6nnen sich einer Aufnahmepr\u00fcfung unterziehen. Diese findet in der letzten Sommerferienwoche statt.<\/li>\n<li>Aufnahme in die <strong>M10<\/strong>: Durchschnitt 2,33 in Deutsch, Mathe, Englisch in der Pr\u00fcfung des qualifizierenden\u00a0 Mittelschulabschlusses.<\/li>\n<li>Sollte der Durchschnitt nicht erreicht werden: \u00dcbertritt auf Antrag der Eltern <strong>und<\/strong> Bestehen einer Aufnahmepr\u00fcfung, die an der aufnehmenden Schule nach\u00a0 M\u00f6glichkeit noch vor Beginn der Sommerferien durchgef\u00fchrt wird.<\/li>\n<\/ul>\n<p>Weitere Bestimmungen zu den <strong><u>\u00dcbertrittsverfahren<\/u><\/strong> (z. B. Gymnasium, Realschule, Wirtschaftsschule) finden Sie auf der Seite des Kultusministeriums Bayern:\u00a0<a href=\"https:\/\/www.km.bayern.de\/umzug\">https:\/\/www.km.bayern.de\/umzug<\/a><\/td>\n<\/tr>\n<\/tbody>\n<\/table>\n<table style=\"height: 90px; width: 129.43854324734446{8724dadc619e06e8beebc3292dfbda7ae64e2bcebc2d283199202d3e5e32ea46}; border-collapse: collapse; border-style: hidden;\" border=\"1\">\n<tbody>\n<tr style=\"border-style: groove;\">\n<td style=\"width: 100{8724dadc619e06e8beebc3292dfbda7ae64e2bcebc2d283199202d3e5e32ea46};\"><\/td>\n<\/tr>\n<tr style=\"border-style: groove;\">\n<td style=\"width: 100{8724dadc619e06e8beebc3292dfbda7ae64e2bcebc2d283199202d3e5e32ea46};\"><\/td>\n<\/tr>\n<\/tbody>\n<\/table>\n<table style=\"height: 1010px; width: 129.273{8724dadc619e06e8beebc3292dfbda7ae64e2bcebc2d283199202d3e5e32ea46}; border-collapse: collapse;\" border=\"1\">\n<thead>\n<tr style=\"background-color: #e8e8e8; height: 10px;\">\n<td style=\"width: 100{8724dadc619e06e8beebc3292dfbda7ae64e2bcebc2d283199202d3e5e32ea46}; height: 10px;\">\n<h4><strong>9 + 2 Modell:<\/strong><\/h4>\n<\/td>\n<\/tr>\n<\/thead>\n<tbody>\n<tr style=\"height: 1300px;\">\n<td style=\"width: 100{8724dadc619e06e8beebc3292dfbda7ae64e2bcebc2d283199202d3e5e32ea46}; background-color: #dcf7d5; height: 1000px;\"><strong>Was bedeutet \u201e9 + 2 \u2013 Modell\u201c?<\/strong><\/p>\n<ul>\n<li>In zwei Schuljahren kann im unmittelbaren Anschluss an den qualifizierenden Abschluss die Mittlere Reife mit der Abschlusspr\u00fcfung zum Mittleren Bildungsabschluss erworben werden.<\/li>\n<li>Der Stoff der 10. Jahrgangsstufe wird auf 2 Jahre (10. und 11. Klasse) gestreckt. Anschlie\u00dfend wird die zur M10 identische Abschlusspr\u00fcfung zum Mittleren Schulabschluss abgelegt.<\/li>\n<\/ul>\n<p><strong>Zielgruppe <\/strong><\/p>\n<ul>\n<li>Das Angebot richtet sich vor allem an leistungsstarke Sch\u00fcler\/innen der 9. Klassen, die den Mittleren Schulabschluss erreichen wollen.<\/li>\n<li>Sch\u00fcler mit Migrationshintergrund und noch nicht ausreichenden Deutschkenntnissen,<\/li>\n<li>Sch\u00fcler mit verz\u00f6gerter Bildungs- und Leistungsentwicklung, sog. Sp\u00e4tz\u00fcnder, die erst in der neunten Klasse die Lust am Lernen entdeckt haben,<\/li>\n<li>Sch\u00fcler, die l\u00e4ngere \u00dcbungsphasen brauchen,<\/li>\n<li>Sch\u00fcler, die Englisch nicht im Quali gew\u00e4hlt haben, oder auch Sch\u00fcler, die den Notenschnitt f\u00fcr die Aufnahme in die M10 bzw. die Aufnahmepr\u00fcfung nicht geschafft haben (aber Beratung),<\/li>\n<li>Qualifizierenden Abschluss an der Mittelschule (Beratung bei schlechteren Noten),<\/li>\n<li>Sch\u00fcler mit externen Quali k\u00f6nnen aufgenommen werden.<\/li>\n<\/ul>\n<p><strong>Wer kann am \u201e9 + 2 \u2013 Modell\u201c teilnehmen?<\/strong><\/p>\n<ul>\n<li>Aufnahmebedingungen (MSO \u00a7 33 Abs. 5):<\/li>\n<\/ul>\n<p>Sch\u00fcler\/innen k\u00f6nnen im unmittelbaren Anschluss an den Besuch der Jahrgangsstufe 9 der Mittelschule in eine Vorbereitungsklasse aufgenommen werden, wenn sie den qualifizierenden Abschluss der Mittelschule mit einer Durchschnittsnote von mindestens 2,5 erworben haben.<\/p>\n<ul>\n<li>Auch Sch\u00fcler\/innen, die in der besonderen Leistungsfeststellung nicht Englisch als Pr\u00fcfungsfach gew\u00e4hlt haben, k\u00f6nnen das \u201e9 + 2 \u2013 Modell\u201c besuchen.<\/li>\n<li>Sch\u00fcler\/innen anderer weiterf\u00fchrenden Schulen, die unmittelbar nach der besonderen Leistungsfeststellung an die Mittelschule \u00fcbergetreten sind, k\u00f6nnen durch die Schulleitung in diese Klasse aufgenommen werden.<\/li>\n<\/ul>\n<p><strong>Worin liegen die St\u00e4rken des \u201e9 + 2 \u2013 Modell\u201c?<\/strong><\/p>\n<ul>\n<li><strong>Klassenlehrerprinzip<\/strong>:<\/li>\n<\/ul>\n<p>Eine Lehrkraft unterrichtet mehrere F\u00e4cher. Sie ist\u00a0 f\u00fcr die Klasse hauptverantwortlich. Durch einen engen Kontakt zu den Sch\u00fclerinnen und Sch\u00fclern ist eine intensive Begleitung des Lernprozesses m\u00f6glich.<\/p>\n<ul>\n<li><strong>Ver\u00e4nderte Stundentafel:<\/strong><\/li>\n<\/ul>\n<p>Sie orientiert sich in beiden Schuljahren an der Stundentafel der M10. Die Kernf\u00e4cher Deutsch, Englisch und Mathematik werden in beiden Schuljahren mit je 5 Wochenstunden unterrichtet. Dazu kommen noch Intensivierungsstunden. So k\u00f6nnen mindestens 18 Stunden pro Woche f\u00fcr die pr\u00fcfungsrelevanten Kernf\u00e4cher verwendet werden. Weitere Pflichtf\u00e4cher sind (wie in der M10) AWT, GSE, PCB, ein Praxisfach, Sport sowie Religion\/Ethik.<\/p>\n<ul>\n<li><strong>Berufsorientierung:<\/strong><\/li>\n<\/ul>\n<p>Die Sch\u00fcler\/innen w\u00e4hlen ein Praxisfach (Soziales, Technik oder Wirtschaft), das 3-st\u00fcndig unterrichtet wird. Ziel ist dabei eine intensive Heranf\u00fchrung an die Arbeitswelt. Praktika erm\u00f6glichen es, die eigenen Berufsvorstellungen zu \u00fcberpr\u00fcfen und Kontakte zu Ausbildungsbetrieben zu kn\u00fcpfen. Die Sch\u00fcler\/innen k\u00f6nnen eine Neuorientierung auf Berufe vornehmen, die einen mittleren Schulabschluss erfordern. Zus\u00e4tzlich k\u00f6nnen im Wahlfach \u201eKaufm\u00e4nnische Bildung\u201c berufsrelevante Grundkenntnisse in Buchf\u00fchrung und Rechnungswesen erworben werden.<\/p>\n<ul>\n<li><strong>Intensive Wiederholungsphase<\/strong>zu Beginn des 10. Schuljahres:<\/li>\n<\/ul>\n<p>In den Pr\u00fcfungsf\u00e4chern Deutsch, Mathematik und Englisch wird Grundwissen aufgefrischt und L\u00fccken aus den Vorjahren k\u00f6nnen geschlossen werden.<\/p>\n<ul>\n<li><strong>Zeit:<\/strong><\/li>\n<\/ul>\n<p>Die wichtigsten Pluspunkte dieses Modells sind die deutliche Streckung und Vorentlastung des Unterrichtsstoffes, der f\u00fcr den Mittleren Schulabschluss erarbeitet werden muss und die dadurch m\u00f6gliche, intensive F\u00f6rderung.<\/td>\n<\/tr>\n<\/tbody>\n<\/table>\n<table style=\"height: 90px; width: 129.2867981790592{8724dadc619e06e8beebc3292dfbda7ae64e2bcebc2d283199202d3e5e32ea46}; border-collapse: collapse; border-style: hidden;\" border=\"1\">\n<tbody>\n<tr style=\"border-style: groove;\">\n<td style=\"width: 100{8724dadc619e06e8beebc3292dfbda7ae64e2bcebc2d283199202d3e5e32ea46};\"><\/td>\n<\/tr>\n<tr style=\"border-style: groove;\">\n<td style=\"width: 100{8724dadc619e06e8beebc3292dfbda7ae64e2bcebc2d283199202d3e5e32ea46};\"><\/td>\n<\/tr>\n<\/tbody>\n<\/table>\n<table style=\"border-collapse: collapse; width: 129.742{8724dadc619e06e8beebc3292dfbda7ae64e2bcebc2d283199202d3e5e32ea46}; height: 490px;\" border=\"1\">\n<tbody>\n<tr style=\"background-color: #e8e8e8;\">\n<td style=\"width: 100{8724dadc619e06e8beebc3292dfbda7ae64e2bcebc2d283199202d3e5e32ea46}; height: 10px;\">\n<h4><strong>Deutsch-Klassen:<\/strong><\/h4>\n<\/td>\n<\/tr>\n<tr style=\"height: 480px;\">\n<td style=\"width: 100{8724dadc619e06e8beebc3292dfbda7ae64e2bcebc2d283199202d3e5e32ea46}; background-color: #dcf7d5; height: 480px;\">An der MS Parsberg sind Deutschklassen bereits seit mehreren Jahren fester Bestandteil der Schulfamilie, in denen Kinder und Jugendliche, die aus dem Ausland zuziehen, zun\u00e4chst die deutsche Sprache erlernen k\u00f6nnen, bevor sie der ihrem Alter entsprechenden Regelklasse zugeteilt werden. Die deutsche Sprache ist die Voraussetzung f\u00fcr eine gelingende Integration, erfolgreiches Lernen und einen guten Schulabschluss.<\/p>\n<p><strong><u>Was sind die Deutschklassen:<\/u><\/strong><\/p>\n<p>&#8222;Sch\u00fclerinnen und Sch\u00fcler mit nichtdeutscher Muttersprache, die nach Deutschland zugewandert sind und keine oder nur geringe Deutschkenntnisse haben, besuchen i. d. R. zun\u00e4chst f\u00fcr ein Schuljahr, maximal f\u00fcr zwei Schuljahre, eine Deutschklasse. Die Stundentafel f\u00fcr die Deutschklasse sieht in allen Jahrgangsstufen zehn Wochenstunden Unterricht im Fach <strong>Deutsch als Zweitsprache<\/strong> (DaZ) auf der Basis des LehrplanPLUS Grundschule bzw. Mittelschule vor, in denen sich die Sch\u00fclerinnen und Sch\u00fcler intensiv und systematisch mit dem Erlernen der deutschen Sprache besch\u00e4ftigen.<\/p>\n<p>Dar\u00fcber hinaus ist der Spracherwerb wesentliche Aufgabe aller F\u00e4cher. In einem <strong>sprachsensiblen Unterricht<\/strong> werden anhand der jeweils fachspezifischen Inhalte die erworbenen Sprachkompetenzen aufgegriffen und weiter ausgebaut.<\/p>\n<p>Im Bereich der <strong>\u201eSprach- und Lernpraxis\u201c<\/strong> werden die erworbenen F\u00e4higkeiten einge\u00fcbt, vertieft und in konkreten Handlunssituationen angewandt.<\/p>\n<p>Ziel der Deutschklasse ist es, die Sch\u00fclerinnen und Sch\u00fcler z\u00fcgig auf den Besuch einer Regelklasse vorzubereiten und so eine m\u00f6glichst rasche Integration der Kinder und Jugendlichen zu erm\u00f6glichen.\u00a0\u201c (Quelle: KM Bayern)<\/p>\n<p>Die MS Parsberg ist einer der Standorte von Deutschklassen f\u00fcr Mittelsch\u00fcler im Schulamtsbezirk Neumarkt. Sie steht f\u00fcr alle Kinder und Jugendliche des s\u00fcdlichen Teils des Schulamtsbezirks Neumarkt offen, die aus dem Ausland zuziehen und die deutsche Sprache erlernen wollen. Zuweisungen an die MS Parsberg erfolgen \u00fcber das Schulamt Neumarkt.<\/td>\n<\/tr>\n<\/tbody>\n<\/table>\n","protected":false},"excerpt":{"rendered":"<p>Um dem Lernverhalten unserer Sch\u00fcler individuell begegnen zu k\u00f6nnen, aber auch um den Lebens- und Arbeitsumst\u00e4nden unserer Elternschaft gerecht zu werden, bieten wir an der Mittelschule Parsberg verschiedene Arten der Beschulung an. Im Folgenden werden diese erl\u00e4utert: Unsere Ganztagsmodelle: Gebundener Ganztag Offener Ganztag Der Unterrichtstag: Mo \u2013 Do: 8:10 \u2013&hellip; <\/p>\n","protected":false},"author":1,"featured_media":0,"parent":0,"menu_order":0,"comment_status":"closed","ping_status":"closed","template":"","meta":{"footnotes":""},"class_list":["post-4878","page","type-page","status-publish","hentry"],"_links":{"self":[{"href":"https:\/\/mittelschule-parsberg.de\/ms\/index.php?rest_route=\/wp\/v2\/pages\/4878","targetHints":{"allow":["GET"]}}],"collection":[{"href":"https:\/\/mittelschule-parsberg.de\/ms\/index.php?rest_route=\/wp\/v2\/pages"}],"about":[{"href":"https:\/\/mittelschule-parsberg.de\/ms\/index.php?rest_route=\/wp\/v2\/types\/page"}],"author":[{"embeddable":true,"href":"https:\/\/mittelschule-parsberg.de\/ms\/index.php?rest_route=\/wp\/v2\/users\/1"}],"replies":[{"embeddable":true,"href":"https:\/\/mittelschule-parsberg.de\/ms\/index.php?rest_route=%2Fwp%2Fv2%2Fcomments&post=4878"}],"version-history":[{"count":0,"href":"https:\/\/mittelschule-parsberg.de\/ms\/index.php?rest_route=\/wp\/v2\/pages\/4878\/revisions"}],"wp:attachment":[{"href":"https:\/\/mittelschule-parsberg.de\/ms\/index.php?rest_route=%2Fwp%2Fv2%2Fmedia&parent=4878"}],"curies":[{"name":"wp","href":"https:\/\/api.w.org\/{rel}","templated":true}]}}